{"id":3761,"date":"2021-04-12T14:47:03","date_gmt":"2021-04-12T14:47:03","guid":{"rendered":"https:\/\/nkef.eus\/?page_id=3761"},"modified":"2021-04-12T14:53:15","modified_gmt":"2021-04-12T14:53:15","slug":"esqui-de-fondo","status":"publish","type":"page","link":"https:\/\/nkef.eus\/eu\/index.php\/esqui-de-fondo\/","title":{"rendered":"Iraupen Eskia"},"content":{"rendered":"<div data-elementor-type=\"wp-page\" data-elementor-id=\"3761\" class=\"elementor elementor-3761\">\n\t\t\t\t\t\t<div class=\"elementor-inner\">\n\t\t\t\t<div class=\"elementor-section-wrap\">\n\t\t\t\t\t\t\t\t\t<section class=\"elementor-section elementor-top-section elementor-element elementor-element-a5425d1 elementor-section-boxed elementor-section-height-default elementor-section-height-default\" data-id=\"a5425d1\" data-element_type=\"section\">\n\t\t\t\t\t\t<div class=\"elementor-container elementor-column-gap-default\">\n\t\t\t\t\t\t\t<div class=\"elementor-row\">\n\t\t\t\t\t<div class=\"elementor-column elementor-col-100 elementor-top-column elementor-element elementor-element-d678b0e\" data-id=\"d678b0e\" data-element_type=\"column\">\n\t\t\t<div class=\"elementor-column-wrap elementor-element-populated\">\n\t\t\t\t\t\t\t<div class=\"elementor-widget-wrap\">\n\t\t\t\t\t\t<div class=\"elementor-element elementor-element-7fd9b5d elementor-widget elementor-widget-spacer\" data-id=\"7fd9b5d\" data-element_type=\"widget\" data-widget_type=\"spacer.default\">\n\t\t\t\t<div class=\"elementor-widget-container\">\n\t\t\t\t\t<div class=\"elementor-spacer\">\n\t\t\t<div class=\"elementor-spacer-inner\"><\/div>\n\t\t<\/div>\n\t\t\t\t<\/div>\n\t\t\t\t<\/div>\n\t\t\t\t\t\t<\/div>\n\t\t\t\t\t<\/div>\n\t\t<\/div>\n\t\t\t\t\t\t\t\t<\/div>\n\t\t\t\t\t<\/div>\n\t\t<\/section>\n\t\t\t\t<section class=\"elementor-section elementor-top-section elementor-element elementor-element-c120a3d elementor-section-boxed elementor-section-height-default elementor-section-height-default\" data-id=\"c120a3d\" data-element_type=\"section\">\n\t\t\t\t\t\t<div class=\"elementor-container elementor-column-gap-default\">\n\t\t\t\t\t\t\t<div class=\"elementor-row\">\n\t\t\t\t\t<div class=\"elementor-column elementor-col-100 elementor-top-column elementor-element elementor-element-42c7f02\" data-id=\"42c7f02\" data-element_type=\"column\">\n\t\t\t<div class=\"elementor-column-wrap elementor-element-populated\">\n\t\t\t\t\t\t\t<div class=\"elementor-widget-wrap\">\n\t\t\t\t\t\t<div class=\"elementor-element elementor-element-8ef3aa3 anwp-pg-widget-header-style--d anwp-pg-post-teaser__post-icon--size-16 elementor-widget elementor-widget-anwp-pg-classic-grid\" data-id=\"8ef3aa3\" data-element_type=\"widget\" data-widget_type=\"anwp-pg-classic-grid.default\">\n\t\t\t\t<div class=\"elementor-widget-container\">\n\t\t\t<div class=\"anwp-pg-wrap\">\n\n\t<div class=\"anwp-pg-widget-header d-flex align-items-center position-relative\">\n\t<h3 class=\"d-flex align-items-center flex-wrap anwp-pg-widget-header__title\"> Iraupen Eskia<\/h3>\t<div class=\"anwp-pg-widget-header__secondary-line\"><\/div>\n<\/div>\n\n\t<div class=\"d-flex anwp-row flex-wrap anwp-pg-classic-grid anwp-pg-posts-wrapper\">\n\t\t<div class=\"anwp-pg-post-teaser anwp-pg-post-teaser--inner-cover-link anwp-pg-post-teaser--layout-d d-flex flex-column anwp-col-lg-4 anwp-col-sm-6 anwp-col-12 anwp-pg-post-teaser--with-read-more\">\n\t<div class=\"anwp-pg-post-teaser__thumbnail position-relative\">\n\n\t\t\t\t\t<div class=\"anwp-pg-post-teaser__top-meta d-flex flex-column anwp-pg-post-teaser__category-column mr-auto\">\n\t\t\t\t<div class=\"anwp-pg-category__wrapper-filled px-2 d-flex align-items-center anwp-pg-post-teaser__category-wrapper align-self-start anwp-pg-category-parent-0\" style=\"background-color: #1565C0\"><span>KROS HERRIKO ESKIA<\/span><\/div>\t\t\t<\/div>\n\t\t\t\n\t\t\n\t\t<div class=\"anwp-pg-post-teaser__thumbnail-img anwp-pg-height-180\"\n\t\t\tstyle=\"background-image: url(https:\/\/nkef.eus\/wp-content\/uploads\/2026\/03\/Sin-titulo.png)\">\n\t\t<\/div>\n\n\t\t<div class=\"anwp-pg-post-teaser__thumbnail-bg anwp-position-cover\"><\/div>\n\n\t\t<a class=\"anwp-position-cover anwp-link-without-effects\" href=\"https:\/\/nkef.eus\/eu\/index.php\/2026\/03\/09\/campeonatos-de-euskadi-navarra-esqui-de-fondo-2a-fase-euskal-herriko-txapelketa-campeonato-de-espana-feddi\/\" aria-hidden=\"true\" ><\/a>\n\t<\/div>\n\n\t<div class=\"anwp-pg-post-teaser__content flex-grow-1 pt-1 d-flex flex-column\">\n\n\t\t<div class=\"anwp-pg-post-teaser__title anwp-font-heading mt-2\">\n\t\t\t<a class=\"anwp-link-without-effects\" href=\"https:\/\/nkef.eus\/eu\/index.php\/2026\/03\/09\/campeonatos-de-euskadi-navarra-esqui-de-fondo-2a-fase-euskal-herriko-txapelketa-campeonato-de-espana-feddi\/\" aria-hidden=\"true\" >\n\t\t\t\tCAMPEONATOS DE EUSKADI -NAVARRA ESQUI DE FONDO 2\u00aa FASE EUSKAL HERRIKO TXAPELKETA CAMPEONATO DE ESPA\u00d1A FEDDI\t\t\t<\/a>\n\t\t<\/div>\n\n\t\t<div class=\"anwp-pg-post-teaser__bottom-meta d-flex flex-wrap\">\n\n\t\t\t\t\t\t\t<div class=\"anwp-pg-post-teaser__bottom-meta-item d-flex align-items-center mr-3\">\n\t\t\t\t\t<svg class=\"anwp-pg-icon anwp-pg-icon--s16 mr-1\">\n\t\t\t\t\t\t<use xlink:href=\"#icon-anwp-pg-calendar\"><\/use>\n\t\t\t\t\t<\/svg>\n\t\t\t\t\t<span class=\"posted-on m-0\"><span class=\"screen-reader-text\">Posted on<\/span><time class=\"anwp-pg-published\" datetime=\"2026-03-09T10:24:47+00:00\">9 martxoa, 2026<\/time><time class=\"anwp-pg-updated\" datetime=\"2026-03-09T10:27:28+00:00\">9 martxoa, 2026<\/time><\/span>\n\t\t\t\t<\/div>\n\t\t\t\t\t\t<\/div>\n\n\t\t\t\t\t<div class=\"anwp-pg-post-teaser__excerpt mb-2\">\n\t\t\t\tCAMPEONATOS DE EUSKADI -NAVARRA ESQUI DE FONDO 2\u00aa FASE EUSKAL HERRIKO TXAPELKETA CAMPEONATO DE ESPA\u00d1A FEDDI NOTA INFORMATIVA EXCEL INSCRIPCIONES\t\t\t<\/div>\n\t\t\n\t\t\t\t\t<div class=\"w-100 anwp-pg-read-more mt-auto\">\n\t\t\t\t<a href=\"https:\/\/nkef.eus\/eu\/index.php\/2026\/03\/09\/campeonatos-de-euskadi-navarra-esqui-de-fondo-2a-fase-euskal-herriko-txapelketa-campeonato-de-espana-feddi\/\" \t\t\t\t\tclass=\"anwp-pg-read-more__btn mt-3 mb-0 btn btn-sm btn-outline-info w-100 text-decoration-none\">\n\t\t\t\t\tIrakurri Gehiago\t\t\t\t<\/a>\n\t\t\t<\/div>\n\t\t\n\t<\/div>\n\n<\/div>\n<div class=\"anwp-pg-post-teaser anwp-pg-post-teaser--inner-cover-link anwp-pg-post-teaser--layout-d d-flex flex-column anwp-col-lg-4 anwp-col-sm-6 anwp-col-12 anwp-pg-post-teaser--with-read-more\">\n\t<div class=\"anwp-pg-post-teaser__thumbnail position-relative\">\n\n\t\t\t\t\t<div class=\"anwp-pg-post-teaser__top-meta d-flex flex-column anwp-pg-post-teaser__category-column mr-auto\">\n\t\t\t\t<div class=\"anwp-pg-category__wrapper-filled px-2 d-flex align-items-center anwp-pg-post-teaser__category-wrapper align-self-start anwp-pg-category-parent-0\" style=\"background-color: #1565C0\"><span>KROS HERRIKO ESKIA<\/span><\/div>\t\t\t<\/div>\n\t\t\t\n\t\t\n\t\t<div class=\"anwp-pg-post-teaser__thumbnail-img anwp-pg-height-180\"\n\t\t\tstyle=\"background-image: url(https:\/\/nkef.eus\/wp-content\/uploads\/2025\/03\/1.png)\">\n\t\t<\/div>\n\n\t\t<div class=\"anwp-pg-post-teaser__thumbnail-bg anwp-position-cover\"><\/div>\n\n\t\t<a class=\"anwp-position-cover anwp-link-without-effects\" href=\"https:\/\/nkef.eus\/eu\/index.php\/2025\/03\/24\/campeonatos-espana-absolutos-esqui-de-fondo-ce-iberdrola-de-esqui-de-fondo-resultados\/\" aria-hidden=\"true\" ><\/a>\n\t<\/div>\n\n\t<div class=\"anwp-pg-post-teaser__content flex-grow-1 pt-1 d-flex flex-column\">\n\n\t\t<div class=\"anwp-pg-post-teaser__title anwp-font-heading mt-2\">\n\t\t\t<a class=\"anwp-link-without-effects\" href=\"https:\/\/nkef.eus\/eu\/index.php\/2025\/03\/24\/campeonatos-espana-absolutos-esqui-de-fondo-ce-iberdrola-de-esqui-de-fondo-resultados\/\" aria-hidden=\"true\" >\n\t\t\t\tCAMPEONATOS ESPA\u00d1A ABSOLUTOS ESQU\u00cd DE FONDO CE Iberdrola de Esqu\u00ed de Fondo (RESULTADOS)\t\t\t<\/a>\n\t\t<\/div>\n\n\t\t<div class=\"anwp-pg-post-teaser__bottom-meta d-flex flex-wrap\">\n\n\t\t\t\t\t\t\t<div class=\"anwp-pg-post-teaser__bottom-meta-item d-flex align-items-center mr-3\">\n\t\t\t\t\t<svg class=\"anwp-pg-icon anwp-pg-icon--s16 mr-1\">\n\t\t\t\t\t\t<use xlink:href=\"#icon-anwp-pg-calendar\"><\/use>\n\t\t\t\t\t<\/svg>\n\t\t\t\t\t<span class=\"posted-on m-0\"><span class=\"screen-reader-text\">Posted on<\/span><time class=\"anwp-pg-published\" datetime=\"2025-03-24T09:39:27+00:00\">24 martxoa, 2025<\/time><time class=\"anwp-pg-updated\" datetime=\"2025-03-26T09:56:22+00:00\">26 martxoa, 2025<\/time><\/span>\n\t\t\t\t<\/div>\n\t\t\t\t\t\t<\/div>\n\n\t\t\t\t\t<div class=\"anwp-pg-post-teaser__excerpt mb-2\">\n\t\t\t\tCAMPEONATOS ESPA\u00d1A ABSOLUTOS ESQU\u00cd DE FONDO CE Iberdrola de Esqu\u00ed de Fondo (RESULTADOS) Cto. Espa\u00f1a CE FIS by IBERDROLA Esqu\u00ed de Fondo LIBRE Clasificaci\u00f3n OFICIAL de la Prueba Cto. Espa\u00f1a ...\t\t\t<\/div>\n\t\t\n\t\t\t\t\t<div class=\"w-100 anwp-pg-read-more mt-auto\">\n\t\t\t\t<a href=\"https:\/\/nkef.eus\/eu\/index.php\/2025\/03\/24\/campeonatos-espana-absolutos-esqui-de-fondo-ce-iberdrola-de-esqui-de-fondo-resultados\/\" \t\t\t\t\tclass=\"anwp-pg-read-more__btn mt-3 mb-0 btn btn-sm btn-outline-info w-100 text-decoration-none\">\n\t\t\t\t\tIrakurri Gehiago\t\t\t\t<\/a>\n\t\t\t<\/div>\n\t\t\n\t<\/div>\n\n<\/div>\n<div class=\"anwp-pg-post-teaser anwp-pg-post-teaser--inner-cover-link anwp-pg-post-teaser--layout-d d-flex flex-column anwp-col-lg-4 anwp-col-sm-6 anwp-col-12 anwp-pg-post-teaser--with-read-more\">\n\t<div class=\"anwp-pg-post-teaser__thumbnail position-relative\">\n\n\t\t\t\t\t<div class=\"anwp-pg-post-teaser__top-meta d-flex flex-column anwp-pg-post-teaser__category-column mr-auto\">\n\t\t\t\t<div class=\"anwp-pg-category__wrapper-filled px-2 d-flex align-items-center anwp-pg-post-teaser__category-wrapper align-self-start anwp-pg-category-parent-0\" style=\"background-color: #1565C0\"><span>KROS HERRIKO ESKIA<\/span><\/div>\t\t\t<\/div>\n\t\t\t\n\t\t\n\t\t<div class=\"anwp-pg-post-teaser__thumbnail-img anwp-pg-height-180\"\n\t\t\tstyle=\"background-image: url(https:\/\/nkef.eus\/wp-content\/uploads\/2024\/02\/FOTO-PORTADA-1.png)\">\n\t\t<\/div>\n\n\t\t<div class=\"anwp-pg-post-teaser__thumbnail-bg anwp-position-cover\"><\/div>\n\n\t\t<a class=\"anwp-position-cover anwp-link-without-effects\" href=\"https:\/\/nkef.eus\/eu\/index.php\/2024\/02\/26\/campeonatos-de-navarra-y-euskadi-fis-ce-iberdrola-de-esqui-de-fondo-2-3-de-marzo-larra-belagua-navarra\/\" aria-hidden=\"true\" ><\/a>\n\t<\/div>\n\n\t<div class=\"anwp-pg-post-teaser__content flex-grow-1 pt-1 d-flex flex-column\">\n\n\t\t<div class=\"anwp-pg-post-teaser__title anwp-font-heading mt-2\">\n\t\t\t<a class=\"anwp-link-without-effects\" href=\"https:\/\/nkef.eus\/eu\/index.php\/2024\/02\/26\/campeonatos-de-navarra-y-euskadi-fis-ce-iberdrola-de-esqui-de-fondo-2-3-de-marzo-larra-belagua-navarra\/\" aria-hidden=\"true\" >\n\t\t\t\tCampeonatos de Navarra y Euskadi FIS CE Iberdrola de Esqu\u00ed de Fondo 2- 3 de marzo Larra-Belagua (Navarra)\t\t\t<\/a>\n\t\t<\/div>\n\n\t\t<div class=\"anwp-pg-post-teaser__bottom-meta d-flex flex-wrap\">\n\n\t\t\t\t\t\t\t<div class=\"anwp-pg-post-teaser__bottom-meta-item d-flex align-items-center mr-3\">\n\t\t\t\t\t<svg class=\"anwp-pg-icon anwp-pg-icon--s16 mr-1\">\n\t\t\t\t\t\t<use xlink:href=\"#icon-anwp-pg-calendar\"><\/use>\n\t\t\t\t\t<\/svg>\n\t\t\t\t\t<span class=\"posted-on m-0\"><span class=\"screen-reader-text\">Posted on<\/span><time class=\"anwp-pg-published\" datetime=\"2024-02-26T10:29:00+00:00\">26 otsaila, 2024<\/time><time class=\"anwp-pg-updated\" datetime=\"2024-02-26T10:30:40+00:00\">26 otsaila, 2024<\/time><\/span>\n\t\t\t\t<\/div>\n\t\t\t\t\t\t<\/div>\n\n\t\t\t\t\t<div class=\"anwp-pg-post-teaser__excerpt mb-2\">\n\t\t\t\tCampeonatos de Navarra y Euskadi FIS CE Iberdrola de Esqu\u00ed de Fondo 2- 3 de marzo Larra-Belagua (Navarra) NOTA INFORMATIVA\t\t\t<\/div>\n\t\t\n\t\t\t\t\t<div class=\"w-100 anwp-pg-read-more mt-auto\">\n\t\t\t\t<a href=\"https:\/\/nkef.eus\/eu\/index.php\/2024\/02\/26\/campeonatos-de-navarra-y-euskadi-fis-ce-iberdrola-de-esqui-de-fondo-2-3-de-marzo-larra-belagua-navarra\/\" \t\t\t\t\tclass=\"anwp-pg-read-more__btn mt-3 mb-0 btn btn-sm btn-outline-info w-100 text-decoration-none\">\n\t\t\t\t\tIrakurri Gehiago\t\t\t\t<\/a>\n\t\t\t<\/div>\n\t\t\n\t<\/div>\n\n<\/div>\n<div class=\"anwp-pg-post-teaser anwp-pg-post-teaser--inner-cover-link anwp-pg-post-teaser--layout-d d-flex flex-column anwp-col-lg-4 anwp-col-sm-6 anwp-col-12 anwp-pg-post-teaser--with-read-more\">\n\t<div class=\"anwp-pg-post-teaser__thumbnail position-relative\">\n\n\t\t\t\t\t<div class=\"anwp-pg-post-teaser__top-meta d-flex flex-column anwp-pg-post-teaser__category-column mr-auto\">\n\t\t\t\t<div class=\"anwp-pg-category__wrapper-filled px-2 d-flex align-items-center anwp-pg-post-teaser__category-wrapper align-self-start anwp-pg-category-parent-0\" style=\"background-color: #1565C0\"><span>KROS HERRIKO ESKIA<\/span><\/div>\t\t\t<\/div>\n\t\t\t\n\t\t\n\t\t<div class=\"anwp-pg-post-teaser__thumbnail-img anwp-pg-height-180\"\n\t\t\tstyle=\"background-image: url(https:\/\/nkef.eus\/wp-content\/uploads\/2023\/10\/Copia-de-rollerski-Post-de-Instagram-Cuadrado-1024x1024.png)\">\n\t\t<\/div>\n\n\t\t<div class=\"anwp-pg-post-teaser__thumbnail-bg anwp-position-cover\"><\/div>\n\n\t\t<a class=\"anwp-position-cover anwp-link-without-effects\" href=\"https:\/\/nkef.eus\/eu\/index.php\/2023\/10\/17\/campeonato-de-euskadi-y-navarra-rollerski-valedero-para-circuito-de-copa-de-espana-fondo\/\" aria-hidden=\"true\" ><\/a>\n\t<\/div>\n\n\t<div class=\"anwp-pg-post-teaser__content flex-grow-1 pt-1 d-flex flex-column\">\n\n\t\t<div class=\"anwp-pg-post-teaser__title anwp-font-heading mt-2\">\n\t\t\t<a class=\"anwp-link-without-effects\" href=\"https:\/\/nkef.eus\/eu\/index.php\/2023\/10\/17\/campeonato-de-euskadi-y-navarra-rollerski-valedero-para-circuito-de-copa-de-espana-fondo\/\" aria-hidden=\"true\" >\n\t\t\t\tCampeonato de Euskadi y Navarra  Rollerski, valedero para circuito de Copa de Espa\u00f1a Fondo\t\t\t<\/a>\n\t\t<\/div>\n\n\t\t<div class=\"anwp-pg-post-teaser__bottom-meta d-flex flex-wrap\">\n\n\t\t\t\t\t\t\t<div class=\"anwp-pg-post-teaser__bottom-meta-item d-flex align-items-center mr-3\">\n\t\t\t\t\t<svg class=\"anwp-pg-icon anwp-pg-icon--s16 mr-1\">\n\t\t\t\t\t\t<use xlink:href=\"#icon-anwp-pg-calendar\"><\/use>\n\t\t\t\t\t<\/svg>\n\t\t\t\t\t<span class=\"posted-on m-0\"><span class=\"screen-reader-text\">Posted on<\/span><time class=\"anwp-pg-published\" datetime=\"2023-10-17T09:55:22+00:00\">17 urria, 2023<\/time><time class=\"anwp-pg-updated\" datetime=\"2023-10-18T07:36:15+00:00\">18 urria, 2023<\/time><\/span>\n\t\t\t\t<\/div>\n\t\t\t\t\t\t<\/div>\n\n\t\t\t\t\t<div class=\"anwp-pg-post-teaser__excerpt mb-2\">\n\t\t\t\tCampeonato de Euskadi y Navarra Rollerski, valedero para circuito de Copa de Espa\u00f1a Fondo NOTA INFORMATIVA\t\t\t<\/div>\n\t\t\n\t\t\t\t\t<div class=\"w-100 anwp-pg-read-more mt-auto\">\n\t\t\t\t<a href=\"https:\/\/nkef.eus\/eu\/index.php\/2023\/10\/17\/campeonato-de-euskadi-y-navarra-rollerski-valedero-para-circuito-de-copa-de-espana-fondo\/\" \t\t\t\t\tclass=\"anwp-pg-read-more__btn mt-3 mb-0 btn btn-sm btn-outline-info w-100 text-decoration-none\">\n\t\t\t\t\tIrakurri Gehiago\t\t\t\t<\/a>\n\t\t\t<\/div>\n\t\t\n\t<\/div>\n\n<\/div>\n<div class=\"anwp-pg-post-teaser anwp-pg-post-teaser--inner-cover-link anwp-pg-post-teaser--layout-d d-flex flex-column anwp-col-lg-4 anwp-col-sm-6 anwp-col-12 anwp-pg-post-teaser--with-read-more\">\n\t<div class=\"anwp-pg-post-teaser__thumbnail position-relative\">\n\n\t\t\t\t\t<div class=\"anwp-pg-post-teaser__top-meta d-flex flex-column anwp-pg-post-teaser__category-column mr-auto\">\n\t\t\t\t<div class=\"anwp-pg-category__wrapper-filled px-2 d-flex align-items-center anwp-pg-post-teaser__category-wrapper align-self-start anwp-pg-category-parent-0\" style=\"background-color: #1565C0\"><span>KROS HERRIKO ESKIA<\/span><\/div>\t\t\t<\/div>\n\t\t\t\n\t\t\n\t\t<div class=\"anwp-pg-post-teaser__thumbnail-img anwp-pg-height-180\"\n\t\t\tstyle=\"background-image: url(https:\/\/nkef.eus\/wp-content\/uploads\/2023\/03\/INSTAGRAM-1024x1024.png)\">\n\t\t<\/div>\n\n\t\t<div class=\"anwp-pg-post-teaser__thumbnail-bg anwp-position-cover\"><\/div>\n\n\t\t<a class=\"anwp-position-cover anwp-link-without-effects\" href=\"https:\/\/nkef.eus\/eu\/index.php\/2023\/03\/09\/campeonato-de-euskadi-y-navarra-esqui-de-fondo-copa-espana-iberdrola\/\" aria-hidden=\"true\" ><\/a>\n\t<\/div>\n\n\t<div class=\"anwp-pg-post-teaser__content flex-grow-1 pt-1 d-flex flex-column\">\n\n\t\t<div class=\"anwp-pg-post-teaser__title anwp-font-heading mt-2\">\n\t\t\t<a class=\"anwp-link-without-effects\" href=\"https:\/\/nkef.eus\/eu\/index.php\/2023\/03\/09\/campeonato-de-euskadi-y-navarra-esqui-de-fondo-copa-espana-iberdrola\/\" aria-hidden=\"true\" >\n\t\t\t\tCampeonato de Euskadi y Navarra Esqu\u00ed De Fondo Copa Espa\u00f1a Iberdrola\t\t\t<\/a>\n\t\t<\/div>\n\n\t\t<div class=\"anwp-pg-post-teaser__bottom-meta d-flex flex-wrap\">\n\n\t\t\t\t\t\t\t<div class=\"anwp-pg-post-teaser__bottom-meta-item d-flex align-items-center mr-3\">\n\t\t\t\t\t<svg class=\"anwp-pg-icon anwp-pg-icon--s16 mr-1\">\n\t\t\t\t\t\t<use xlink:href=\"#icon-anwp-pg-calendar\"><\/use>\n\t\t\t\t\t<\/svg>\n\t\t\t\t\t<span class=\"posted-on m-0\"><span class=\"screen-reader-text\">Posted on<\/span><time class=\"anwp-pg-published\" datetime=\"2023-03-09T08:42:53+00:00\">9 martxoa, 2023<\/time><time class=\"anwp-pg-updated\" datetime=\"2023-03-13T09:58:12+00:00\">13 martxoa, 2023<\/time><\/span>\n\t\t\t\t<\/div>\n\t\t\t\t\t\t<\/div>\n\n\t\t\t\t\t<div class=\"anwp-pg-post-teaser__excerpt mb-2\">\n\t\t\t\tCampeonato de Euskadi y Navarra Esqu\u00ed De Fondo Copa Espa\u00f1a Iberdrola NOTA INFORMATIVA RESULTADOS SPRINT FREE RESULTADOS TL\t\t\t<\/div>\n\t\t\n\t\t\t\t\t<div class=\"w-100 anwp-pg-read-more mt-auto\">\n\t\t\t\t<a href=\"https:\/\/nkef.eus\/eu\/index.php\/2023\/03\/09\/campeonato-de-euskadi-y-navarra-esqui-de-fondo-copa-espana-iberdrola\/\" \t\t\t\t\tclass=\"anwp-pg-read-more__btn mt-3 mb-0 btn btn-sm btn-outline-info w-100 text-decoration-none\">\n\t\t\t\t\tIrakurri Gehiago\t\t\t\t<\/a>\n\t\t\t<\/div>\n\t\t\n\t<\/div>\n\n<\/div>\n<div class=\"anwp-pg-post-teaser anwp-pg-post-teaser--inner-cover-link anwp-pg-post-teaser--layout-d d-flex flex-column anwp-col-lg-4 anwp-col-sm-6 anwp-col-12 anwp-pg-post-teaser--with-read-more\">\n\t<div class=\"anwp-pg-post-teaser__thumbnail position-relative\">\n\n\t\t\t\t\t<div class=\"anwp-pg-post-teaser__top-meta d-flex flex-column anwp-pg-post-teaser__category-column mr-auto\">\n\t\t\t\t<div class=\"anwp-pg-category__wrapper-filled px-2 d-flex align-items-center anwp-pg-post-teaser__category-wrapper align-self-start anwp-pg-category-parent-0\" style=\"background-color: #1565C0\"><span>KROS HERRIKO ESKIA<\/span><\/div>\t\t\t<\/div>\n\t\t\t\n\t\t\n\t\t<div class=\"anwp-pg-post-teaser__thumbnail-img anwp-pg-height-180\"\n\t\t\tstyle=\"background-image: url(https:\/\/nkef.eus\/wp-content\/uploads\/2023\/01\/IMG-20230125-WA0001-724x1024.jpg)\">\n\t\t<\/div>\n\n\t\t<div class=\"anwp-pg-post-teaser__thumbnail-bg anwp-position-cover\"><\/div>\n\n\t\t<a class=\"anwp-position-cover anwp-link-without-effects\" href=\"https:\/\/nkef.eus\/eu\/index.php\/2023\/01\/30\/campeonato-de-euskadi-y-navarra-esqui-de-fondo\/\" aria-hidden=\"true\" ><\/a>\n\t<\/div>\n\n\t<div class=\"anwp-pg-post-teaser__content flex-grow-1 pt-1 d-flex flex-column\">\n\n\t\t<div class=\"anwp-pg-post-teaser__title anwp-font-heading mt-2\">\n\t\t\t<a class=\"anwp-link-without-effects\" href=\"https:\/\/nkef.eus\/eu\/index.php\/2023\/01\/30\/campeonato-de-euskadi-y-navarra-esqui-de-fondo\/\" aria-hidden=\"true\" >\n\t\t\t\tCAMPEONATO DE EUSKADI Y NAVARRA ESQU\u00cd DE FONDO\t\t\t<\/a>\n\t\t<\/div>\n\n\t\t<div class=\"anwp-pg-post-teaser__bottom-meta d-flex flex-wrap\">\n\n\t\t\t\t\t\t\t<div class=\"anwp-pg-post-teaser__bottom-meta-item d-flex align-items-center mr-3\">\n\t\t\t\t\t<svg class=\"anwp-pg-icon anwp-pg-icon--s16 mr-1\">\n\t\t\t\t\t\t<use xlink:href=\"#icon-anwp-pg-calendar\"><\/use>\n\t\t\t\t\t<\/svg>\n\t\t\t\t\t<span class=\"posted-on m-0\"><span class=\"screen-reader-text\">Posted on<\/span><time class=\"anwp-pg-published\" datetime=\"2023-01-30T09:33:31+00:00\">30 urtarrila, 2023<\/time><time class=\"anwp-pg-updated\" datetime=\"2023-03-09T11:48:23+00:00\">9 martxoa, 2023<\/time><\/span>\n\t\t\t\t<\/div>\n\t\t\t\t\t\t<\/div>\n\n\t\t\t\t\t<div class=\"anwp-pg-post-teaser__excerpt mb-2\">\n\t\t\t\tCAMPEONATO DE EUSKADI Y NAVARRA ESQU\u00cd DE FONDO NOTA INFORMATIVA\t\t\t<\/div>\n\t\t\n\t\t\t\t\t<div class=\"w-100 anwp-pg-read-more mt-auto\">\n\t\t\t\t<a href=\"https:\/\/nkef.eus\/eu\/index.php\/2023\/01\/30\/campeonato-de-euskadi-y-navarra-esqui-de-fondo\/\" \t\t\t\t\tclass=\"anwp-pg-read-more__btn mt-3 mb-0 btn btn-sm btn-outline-info w-100 text-decoration-none\">\n\t\t\t\t\tIrakurri Gehiago\t\t\t\t<\/a>\n\t\t\t<\/div>\n\t\t\n\t<\/div>\n\n<\/div>\n\t<\/div>\n\t\t\t<div class=\"w-100 anwp-pg-load-more\">\n\t\t\t<button class=\"button btn btn-outline-secondary anwp-pg-load-more__btn mx-auto d-block my-3\" type=\"button\"\n\t\t\t\tdata-anwp-loaded-qty=\"6\"\n\t\t\t\tdata-anwp-posts-per-load=\"3\"\n\t\t\t\tdata-anwp-load-more=\"{&quot;posts_to_show&quot;:&quot;latest&quot;,&quot;include_ids&quot;:&quot;&quot;,&quot;exclude_ids&quot;:&quot;&quot;,&quot;exclude_by_category&quot;:&quot;&quot;,&quot;filter_by_category&quot;:&quot;9&quot;,&quot;filter_by_tag&quot;:&quot;&quot;,&quot;filter_by_post_format&quot;:&quot;all&quot;,&quot;filter_by_author&quot;:&quot;&quot;,&quot;published_in_last_days&quot;:0,&quot;limit&quot;:6,&quot;offset&quot;:0,&quot;grid_cols&quot;:3,&quot;grid_cols_tablet&quot;:2,&quot;grid_cols_mobile&quot;:1,&quot;grid_thumbnail_size&quot;:&quot;large&quot;,&quot;show_category&quot;:&quot;yes&quot;,&quot;category_limit&quot;:1,&quot;show_date&quot;:&quot;yes&quot;,&quot;show_author&quot;:&quot;yes&quot;,&quot;show_comments&quot;:&quot;yes&quot;,&quot;card_height&quot;:{&quot;unit&quot;:&quot;px&quot;,&quot;size&quot;:180,&quot;sizes&quot;:[]},&quot;show_excerpt&quot;:&quot;yes&quot;,&quot;excerpt_num_words&quot;:30,&quot;excerpt_source&quot;:&quot;&quot;,&quot;excerpt_html&quot;:&quot;no&quot;,&quot;layout&quot;:&quot;d&quot;,&quot;show_read_more&quot;:&quot;yes&quot;,&quot;read_more_label&quot;:&quot;M\\u00e1s&quot;,&quot;read_more_class&quot;:&quot;&quot;,&quot;post_image_width&quot;:&quot;1_3&quot;,&quot;show_post_icon&quot;:&quot;yes&quot;,&quot;query_source&quot;:&quot;posts&quot;,&quot;related_posts&quot;:&quot;&quot;,&quot;related_posts_order&quot;:&quot;&quot;,&quot;card_height_mobile&quot;:{&quot;unit&quot;:&quot;px&quot;,&quot;size&quot;:&quot;&quot;,&quot;sizes&quot;:[]},&quot;card_height_tablet&quot;:{&quot;unit&quot;:&quot;px&quot;,&quot;size&quot;:&quot;&quot;,&quot;sizes&quot;:[]}}\">\n\t\t\t\t<span class=\"anwp-pg-load-more__label\">Irakurri gehiago<\/span>\n\t\t\t\t\t<span class=\"anwp-pg-wave d-flex align-items-center\">\n\t\t\t\t\t<span class=\"anwp-pg-rect anwp-pg-rect1\"><\/span>\n\t\t\t\t\t<span class=\"anwp-pg-rect anwp-pg-rect2\"><\/span>\n\t\t\t\t\t<span class=\"anwp-pg-rect anwp-pg-rect3\"><\/span>\n\t\t\t\t\t<span class=\"anwp-pg-rect anwp-pg-rect4\"><\/span>\n\t\t\t\t\t<span class=\"anwp-pg-rect anwp-pg-rect5\"><\/span>\n\t\t\t\t<\/span>\n\t\t\t<\/button>\n\t\t<\/div>\n\t\n\t<\/div>\n\t\t<\/div>\n\t\t\t\t<\/div>\n\t\t\t\t\t\t<\/div>\n\t\t\t\t\t<\/div>\n\t\t<\/div>\n\t\t\t\t\t\t\t\t<\/div>\n\t\t\t\t\t<\/div>\n\t\t<\/section>\n\t\t\t\t\t\t\t\t\t<\/div>\n\t\t\t<\/div>\n\t\t\t\t\t<\/div>","protected":false},"excerpt":{"rendered":"<p>Esqu\u00ed de Fondo ESQUI DE FONDO CAMPEONATO DE ESPA\u00d1A ABSOLUTO FIS &#8211; RFEDI ESQU\u00cd DE FONDO Posted onmarzo 23, 2021 CAMPEONATO DE ESPA\u00d1A ABSOLUTO FIS &#8211; RFEDI ESQU\u00cd DE FONDO INFORMACI\u00d3NCompetici\u00f3n: Campeonatos de Espa\u00f1a Absolutos de Esqu\u00ed de Fondo FIS.Lugar: BELAGUA (NAVARRA).Fechas: \u00a026, 27 y 28 de marzo de 2021.Organizan:RFEDI &#8230; M\u00e1s ESQUI DE FONDO [&hellip;]<\/p>","protected":false},"author":2,"featured_media":0,"parent":0,"menu_order":0,"comment_status":"closed","ping_status":"closed","template":"elementor_header_footer","meta":[],"_links":{"self":[{"href":"https:\/\/nkef.eus\/eu\/index.php\/wp-json\/wp\/v2\/pages\/3761"}],"collection":[{"href":"https:\/\/nkef.eus\/eu\/index.php\/wp-json\/wp\/v2\/pages"}],"about":[{"href":"https:\/\/nkef.eus\/eu\/index.php\/wp-json\/wp\/v2\/types\/page"}],"author":[{"embeddable":true,"href":"https:\/\/nkef.eus\/eu\/index.php\/wp-json\/wp\/v2\/users\/2"}],"replies":[{"embeddable":true,"href":"https:\/\/nkef.eus\/eu\/index.php\/wp-json\/wp\/v2\/comments?post=3761"}],"version-history":[{"count":4,"href":"https:\/\/nkef.eus\/eu\/index.php\/wp-json\/wp\/v2\/pages\/3761\/revisions"}],"predecessor-version":[{"id":3765,"href":"https:\/\/nkef.eus\/eu\/index.php\/wp-json\/wp\/v2\/pages\/3761\/revisions\/3765"}],"wp:attachment":[{"href":"https:\/\/nkef.eus\/eu\/index.php\/wp-json\/wp\/v2\/media?parent=3761"}],"curies":[{"name":"wp","href":"https:\/\/api.w.org\/{rel}","templated":true}]}}